{"id":10142,"date":"2019-09-13T05:29:22","date_gmt":"2019-09-13T05:29:22","guid":{"rendered":"https:\/\/demo.zozothemes.com\/miion\/?page_id=10142"},"modified":"2019-09-13T05:29:22","modified_gmt":"2019-09-13T05:29:22","slug":"blogs","status":"publish","type":"page","link":"http:\/\/www.opb.gob.mx\/portal\/?page_id=10142","title":{"rendered":"Blogs"},"content":{"rendered":"\t\t<div data-elementor-type=\"wp-page\" data-elementor-id=\"10142\" class=\"elementor elementor-10142\" data-elementor-settings=\"[]\">\n\t\t\t\t\t\t<div class=\"elementor-inner\">\n\t\t\t\t\t\t\t<div class=\"elementor-section-wrap\">\n\t\t\t\t\t\t\t<section class=\"elementor-section elementor-top-section elementor-element elementor-element-d6ed875 elementor-section-boxed elementor-section-height-default elementor-section-height-default\" data-id=\"d6ed875\" data-element_type=\"section\">\n\t\t\t\t\t\t<div class=\"elementor-container elementor-column-gap-default\">\n\t\t\t\t\t\t\t<div class=\"elementor-row\">\n\t\t\t\t\t<div class=\"elementor-column elementor-col-100 elementor-top-column elementor-element elementor-element-87bd6d3\" data-id=\"87bd6d3\" data-element_type=\"column\">\n\t\t\t<div class=\"elementor-column-wrap elementor-element-populated\">\n\t\t\t\t\t\t\t<div class=\"elementor-widget-wrap\">\n\t\t\t\t\t\t<section class=\"elementor-section elementor-inner-section elementor-element elementor-element-6e361f9 elementor-section-boxed elementor-section-height-default elementor-section-height-default\" data-id=\"6e361f9\" data-element_type=\"section\">\n\t\t\t\t\t\t<div class=\"elementor-container elementor-column-gap-default\">\n\t\t\t\t\t\t\t<div class=\"elementor-row\">\n\t\t\t\t\t<div class=\"elementor-column elementor-col-100 elementor-inner-column elementor-element elementor-element-84c457c\" data-id=\"84c457c\" data-element_type=\"column\">\n\t\t\t<div class=\"elementor-column-wrap elementor-element-populated\">\n\t\t\t\t\t\t\t<div class=\"elementor-widget-wrap\">\n\t\t\t\t\t\t<div class=\"elementor-element elementor-element-8416aed elementor-widget elementor-widget-egovenzblog\" data-id=\"8416aed\" data-element_type=\"widget\" data-widget_type=\"egovenzblog.default\">\n\t\t\t\t\r\n\t\t<div class=\"elementor-widget-container blog-wrapper blog-style-modern blog-light blog-normal-model shortcode-rand-1 egovenz-inline-css\" data-css=\"&quot;.shortcode-rand-1.blog-wrapper .blog-inner &gt; *:nth-child(1) { margin-bottom: 30px; }.shortcode-rand-1.blog-wrapper .blog-inner &gt; *:nth-child(2) { margin-bottom: 5px; }.shortcode-rand-1.blog-wrapper .blog-inner &gt; *:nth-child(3) { margin-bottom: 20px; }.shortcode-rand-1.blog-wrapper .blog-inner &gt; *:nth-child(4) { margin-bottom: 20px; }.shortcode-rand-1.blog-wrapper .blog-inner &gt; *:nth-child(5) { margin-bottom: 25px; }&quot;\">\r\n\t\t\r\n\t\t\t<div class=\"row\"><div class=\"col-lg-4 col-md-4\"><div class=\"blog-inner\"><div class=\"post-thumb post-overlay-active\"><img loading=\"lazy\" height=\"700\" width=\"767\" class=\"img-fluid\" alt=\"En el marco de su 128 aniversario, Chetumal celebrar\u00e1 la Feria del Queso de Bola en el \u201cPaseo H\u00e9roes\u201d.\" src=\"http:\/\/www.opb.gob.mx\/portal\/wp-content\/uploads\/2026\/05\/1-2-767x700.jpeg\"\/><div class=\"post-overlay-items\"><div class=\"post-category\"><span class=\"before-icon ti-folder\"><\/span><a href=\"http:\/\/www.opb.gob.mx\/portal\/?cat=27\">prensa<\/a><\/div><\/div><\/div><!-- .post-thumb --><div class=\"top-meta clearfix\"><ul class=\"nav top-meta-list meta-left\"><li><div class=\"post-date\"><a href=\"http:\/\/www.opb.gob.mx\/portal\/?m=20260501\" ><i class=\"ti-calendar\"><\/i> 1 mayo, 2026<\/a><\/div><\/li><\/ul><\/div><div class=\"entry-title\"><h4 class=\"post-title-head\"><a href=\"http:\/\/www.opb.gob.mx\/portal\/?p=30238\" class=\"post-title\">En el marco de su 128 aniversario, Chetumal celebrar\u00e1 la Feria del Queso de Bola en el \u201cPaseo H\u00e9roes\u201d.<\/a><\/h4><\/div><!-- .entry-title --><div class=\"bottom-meta clearfix\"><ul class=\"nav bottom-meta-list meta-left\"><li><div class=\"post-more\"><a class=\"read-more\" href=\"http:\/\/www.opb.gob.mx\/portal\/?p=30238\">Read More<\/a><\/div><\/li><\/ul><\/div><\/div><!-- .blog-inner --><\/div><!-- .col \/ .owl-carousel-item \/ .isotope --><div class=\"col-lg-4 col-md-4\"><div class=\"blog-inner\"><div class=\"post-thumb post-overlay-active\"><img loading=\"lazy\" height=\"700\" width=\"767\" class=\"img-fluid\" alt=\"Celebra Ayuntamiento de Oth\u00f3n P. Blanco el d\u00eda de la ni\u00f1a y el ni\u00f1o con una fiesta llena de alegr\u00eda y convivencia familiar.\" src=\"http:\/\/www.opb.gob.mx\/portal\/wp-content\/uploads\/2026\/05\/1-1-767x700.jpeg\"\/><div class=\"post-overlay-items\"><div class=\"post-category\"><span class=\"before-icon ti-folder\"><\/span><a href=\"http:\/\/www.opb.gob.mx\/portal\/?cat=27\">prensa<\/a><\/div><\/div><\/div><!-- .post-thumb --><div class=\"top-meta clearfix\"><ul class=\"nav top-meta-list meta-left\"><li><div class=\"post-date\"><a href=\"http:\/\/www.opb.gob.mx\/portal\/?m=20260430\" ><i class=\"ti-calendar\"><\/i> 30 abril, 2026<\/a><\/div><\/li><\/ul><\/div><div class=\"entry-title\"><h4 class=\"post-title-head\"><a href=\"http:\/\/www.opb.gob.mx\/portal\/?p=30226\" class=\"post-title\">Celebra Ayuntamiento de Oth\u00f3n P. Blanco el d\u00eda de la ni\u00f1a y el ni\u00f1o con una fiesta llena de alegr\u00eda y convivencia familiar.<\/a><\/h4><\/div><!-- .entry-title --><div class=\"bottom-meta clearfix\"><ul class=\"nav bottom-meta-list meta-left\"><li><div class=\"post-more\"><a class=\"read-more\" href=\"http:\/\/www.opb.gob.mx\/portal\/?p=30226\">Read More<\/a><\/div><\/li><\/ul><\/div><\/div><!-- .blog-inner --><\/div><!-- .col \/ .owl-carousel-item \/ .isotope --><div class=\"col-lg-4 col-md-4\"><div class=\"blog-inner\"><div class=\"post-thumb post-overlay-active\"><img loading=\"lazy\" height=\"700\" width=\"767\" class=\"img-fluid\" alt=\"La Alameda ser\u00e1 sede de la Sesi\u00f3n Solemne por el aniversario de la fundaci\u00f3n de Chetumal.\" src=\"http:\/\/www.opb.gob.mx\/portal\/wp-content\/uploads\/2026\/05\/1-767x700.jpeg\"\/><div class=\"post-overlay-items\"><div class=\"post-category\"><span class=\"before-icon ti-folder\"><\/span><a href=\"http:\/\/www.opb.gob.mx\/portal\/?cat=27\">prensa<\/a><\/div><\/div><\/div><!-- .post-thumb --><div class=\"top-meta clearfix\"><ul class=\"nav top-meta-list meta-left\"><li><div class=\"post-date\"><a href=\"http:\/\/www.opb.gob.mx\/portal\/?m=20260430\" ><i class=\"ti-calendar\"><\/i> 30 abril, 2026<\/a><\/div><\/li><\/ul><\/div><div class=\"entry-title\"><h4 class=\"post-title-head\"><a href=\"http:\/\/www.opb.gob.mx\/portal\/?p=30221\" class=\"post-title\">La Alameda ser\u00e1 sede de la Sesi\u00f3n Solemne por el aniversario de la fundaci\u00f3n de Chetumal.<\/a><\/h4><\/div><!-- .entry-title --><div class=\"bottom-meta clearfix\"><ul class=\"nav bottom-meta-list meta-left\"><li><div class=\"post-more\"><a class=\"read-more\" href=\"http:\/\/www.opb.gob.mx\/portal\/?p=30221\">Read More<\/a><\/div><\/li><\/ul><\/div><\/div><!-- .blog-inner --><\/div><!-- .col \/ .owl-carousel-item \/ .isotope --><\/div><!-- .row -->\t\t\t\r\n\t\t<\/div>\r\n\t\t\t\t<\/div>\n\t\t\t\t\t\t<\/div>\n\t\t\t\t\t<\/div>\n\t\t<\/div>\n\t\t\t\t\t\t\t\t<\/div>\n\t\t\t\t\t<\/div>\n\t\t<\/section>\n\t\t\t\t\t\t<\/div>\n\t\t\t\t\t<\/div>\n\t\t<\/div>\n\t\t\t\t\t\t\t\t<\/div>\n\t\t\t\t\t<\/div>\n\t\t<\/section>\n\t\t\t\t<section class=\"elementor-section elementor-top-section elementor-element elementor-element-52920da elementor-section-boxed elementor-section-height-default elementor-section-height-default\" data-id=\"52920da\" data-element_type=\"section\">\n\t\t\t\t\t\t<div class=\"elementor-container elementor-column-gap-default\">\n\t\t\t\t\t\t\t<div class=\"elementor-row\">\n\t\t\t\t\t<div class=\"elementor-column elementor-col-100 elementor-top-column elementor-element elementor-element-4cfc1be\" data-id=\"4cfc1be\" data-element_type=\"column\">\n\t\t\t<div class=\"elementor-column-wrap elementor-element-populated\">\n\t\t\t\t\t\t\t<div class=\"elementor-widget-wrap\">\n\t\t\t\t\t\t<section class=\"elementor-section elementor-inner-section elementor-element elementor-element-fcf418a elementor-section-boxed elementor-section-height-default elementor-section-height-default\" data-id=\"fcf418a\" data-element_type=\"section\">\n\t\t\t\t\t\t<div class=\"elementor-container elementor-column-gap-default\">\n\t\t\t\t\t\t\t<div class=\"elementor-row\">\n\t\t\t\t\t<div class=\"elementor-column elementor-col-100 elementor-inner-column elementor-element elementor-element-9b254e0\" data-id=\"9b254e0\" data-element_type=\"column\">\n\t\t\t<div class=\"elementor-column-wrap elementor-element-populated\">\n\t\t\t\t\t\t\t<div class=\"elementor-widget-wrap\">\n\t\t\t\t\t\t<div class=\"elementor-element elementor-element-859b0c4 elementor-widget elementor-widget-egovenzblog\" data-id=\"859b0c4\" data-element_type=\"widget\" data-widget_type=\"egovenzblog.default\">\n\t\t\t\t\r\n\t\t<div class=\"elementor-widget-container blog-wrapper blog-style-classic blog-light blog-slide-model shortcode-rand-2 egovenz-inline-css\" data-css=\"&quot;.shortcode-rand-2.blog-wrapper .blog-inner &gt; *:nth-child(1) { margin-bottom: 30px; }.shortcode-rand-2.blog-wrapper .blog-inner &gt; *:nth-child(2) { margin-bottom: 5px; }&quot;\">\r\n\t\t\r\n\t\t\t<div class=\"owl-carousel\" data-loop=\"1\" data-margin=\"8\" data-center=\"0\" data-nav=\"1\" data-dots=\"0\" data-autoplay=\"0\" data-items=\"4\" data-items-tab=\"2\" data-items-mob=\"1\" data-duration=\"5000\" data-smartspeed=\"250\" data-scrollby=\"1\" data-autoheight=\"0\"><div class=\"owl-carousel-item\"><div class=\"blog-inner\"><div class=\"post-thumb\"><img loading=\"lazy\" height=\"350\" width=\"400\" class=\"img-fluid\" alt=\"En el marco de su 128 aniversario, Chetumal celebrar\u00e1 la Feria del Queso de Bola en el \u201cPaseo H\u00e9roes\u201d.\" src=\"http:\/\/www.opb.gob.mx\/portal\/wp-content\/uploads\/2026\/05\/1-2-400x350.jpeg\"\/><\/div><!-- .post-thumb --><div class=\"top-meta clearfix\"><ul class=\"nav top-meta-list meta-left\"><li><div class=\"post-date\"><a href=\"http:\/\/www.opb.gob.mx\/portal\/?m=20260501\" ><i class=\"ti-calendar\"><\/i> 1 mayo, 2026<\/a><\/div><\/li><\/ul><\/div><div class=\"entry-title\"><h6 class=\"post-title-head\"><a href=\"http:\/\/www.opb.gob.mx\/portal\/?p=30238\" class=\"post-title\">En el marco de su 128 aniversario, Chetumal celebrar\u00e1 la Feria del Queso de Bola en el \u201cPaseo H\u00e9roes\u201d.<\/a><\/h6><\/div><!-- .entry-title --><\/div><!-- .blog-inner --><\/div><!-- .col \/ .owl-carousel-item \/ .isotope --><div class=\"owl-carousel-item\"><div class=\"blog-inner\"><div class=\"post-thumb\"><img loading=\"lazy\" height=\"350\" width=\"400\" class=\"img-fluid\" alt=\"Celebra Ayuntamiento de Oth\u00f3n P. Blanco el d\u00eda de la ni\u00f1a y el ni\u00f1o con una fiesta llena de alegr\u00eda y convivencia familiar.\" src=\"http:\/\/www.opb.gob.mx\/portal\/wp-content\/uploads\/2026\/05\/1-1-400x350.jpeg\"\/><\/div><!-- .post-thumb --><div class=\"top-meta clearfix\"><ul class=\"nav top-meta-list meta-left\"><li><div class=\"post-date\"><a href=\"http:\/\/www.opb.gob.mx\/portal\/?m=20260430\" ><i class=\"ti-calendar\"><\/i> 30 abril, 2026<\/a><\/div><\/li><\/ul><\/div><div class=\"entry-title\"><h6 class=\"post-title-head\"><a href=\"http:\/\/www.opb.gob.mx\/portal\/?p=30226\" class=\"post-title\">Celebra Ayuntamiento de Oth\u00f3n P. Blanco el d\u00eda de la ni\u00f1a y el ni\u00f1o con una fiesta llena de alegr\u00eda y convivencia familiar.<\/a><\/h6><\/div><!-- .entry-title --><\/div><!-- .blog-inner --><\/div><!-- .col \/ .owl-carousel-item \/ .isotope --><div class=\"owl-carousel-item\"><div class=\"blog-inner\"><div class=\"post-thumb\"><img loading=\"lazy\" height=\"350\" width=\"400\" class=\"img-fluid\" alt=\"La Alameda ser\u00e1 sede de la Sesi\u00f3n Solemne por el aniversario de la fundaci\u00f3n de Chetumal.\" src=\"http:\/\/www.opb.gob.mx\/portal\/wp-content\/uploads\/2026\/05\/1-400x350.jpeg\"\/><\/div><!-- .post-thumb --><div class=\"top-meta clearfix\"><ul class=\"nav top-meta-list meta-left\"><li><div class=\"post-date\"><a href=\"http:\/\/www.opb.gob.mx\/portal\/?m=20260430\" ><i class=\"ti-calendar\"><\/i> 30 abril, 2026<\/a><\/div><\/li><\/ul><\/div><div class=\"entry-title\"><h6 class=\"post-title-head\"><a href=\"http:\/\/www.opb.gob.mx\/portal\/?p=30221\" class=\"post-title\">La Alameda ser\u00e1 sede de la Sesi\u00f3n Solemne por el aniversario de la fundaci\u00f3n de Chetumal.<\/a><\/h6><\/div><!-- .entry-title --><\/div><!-- .blog-inner --><\/div><!-- .col \/ .owl-carousel-item \/ .isotope --><div class=\"owl-carousel-item\"><div class=\"blog-inner\"><div class=\"post-thumb\"><img loading=\"lazy\" height=\"350\" width=\"400\" class=\"img-fluid\" alt=\"Avanza al 80% la rehabilitaci\u00f3n del emblem\u00e1tico Estadio de F\u00fatbol \u201c10 de Abril\u201d.\" src=\"http:\/\/www.opb.gob.mx\/portal\/wp-content\/uploads\/2026\/04\/b5ef87fd-105b-459f-b044-33596955e753-scaled-400x350.jpeg\"\/><\/div><!-- .post-thumb --><div class=\"top-meta clearfix\"><ul class=\"nav top-meta-list meta-left\"><li><div class=\"post-date\"><a href=\"http:\/\/www.opb.gob.mx\/portal\/?m=20260429\" ><i class=\"ti-calendar\"><\/i> 29 abril, 2026<\/a><\/div><\/li><\/ul><\/div><div class=\"entry-title\"><h6 class=\"post-title-head\"><a href=\"http:\/\/www.opb.gob.mx\/portal\/?p=30206\" class=\"post-title\">Avanza al 80% la rehabilitaci\u00f3n del emblem\u00e1tico Estadio de F\u00fatbol \u201c10 de Abril\u201d.<\/a><\/h6><\/div><!-- .entry-title --><\/div><!-- .blog-inner --><\/div><!-- .col \/ .owl-carousel-item \/ .isotope --><div class=\"owl-carousel-item\"><div class=\"blog-inner\"><div class=\"post-thumb\"><img loading=\"lazy\" height=\"350\" width=\"400\" class=\"img-fluid\" alt=\"Inicia Ayuntamiento de Oth\u00f3n P. Blanco inspecci\u00f3n de refugios para la temporada de huracanes.\" src=\"http:\/\/www.opb.gob.mx\/portal\/wp-content\/uploads\/2026\/04\/IMG_0156-400x350.jpeg\"\/><\/div><!-- .post-thumb --><div class=\"top-meta clearfix\"><ul class=\"nav top-meta-list meta-left\"><li><div class=\"post-date\"><a href=\"http:\/\/www.opb.gob.mx\/portal\/?m=20260428\" ><i class=\"ti-calendar\"><\/i> 28 abril, 2026<\/a><\/div><\/li><\/ul><\/div><div class=\"entry-title\"><h6 class=\"post-title-head\"><a href=\"http:\/\/www.opb.gob.mx\/portal\/?p=30193\" class=\"post-title\">Inicia Ayuntamiento de Oth\u00f3n P. Blanco inspecci\u00f3n de refugios para la temporada de huracanes.<\/a><\/h6><\/div><!-- .entry-title --><\/div><!-- .blog-inner --><\/div><!-- .col \/ .owl-carousel-item \/ .isotope --><div class=\"owl-carousel-item\"><div class=\"blog-inner\"><div class=\"post-thumb\"><img loading=\"lazy\" height=\"350\" width=\"400\" class=\"img-fluid\" alt=\"\u201cPieza del Artesano del Mes\u201d: identidad que se transforma en arte.\" src=\"http:\/\/www.opb.gob.mx\/portal\/wp-content\/uploads\/2026\/04\/IMG_0146-400x350.jpeg\"\/><\/div><!-- .post-thumb --><div class=\"top-meta clearfix\"><ul class=\"nav top-meta-list meta-left\"><li><div class=\"post-date\"><a href=\"http:\/\/www.opb.gob.mx\/portal\/?m=20260427\" ><i class=\"ti-calendar\"><\/i> 27 abril, 2026<\/a><\/div><\/li><\/ul><\/div><div class=\"entry-title\"><h6 class=\"post-title-head\"><a href=\"http:\/\/www.opb.gob.mx\/portal\/?p=30170\" class=\"post-title\">\u201cPieza del Artesano del Mes\u201d: identidad que se transforma en arte.<\/a><\/h6><\/div><!-- .entry-title --><\/div><!-- .blog-inner --><\/div><!-- .col \/ .owl-carousel-item \/ .isotope --><div class=\"owl-carousel-item\"><div class=\"blog-inner\"><div class=\"post-thumb\"><img loading=\"lazy\" height=\"350\" width=\"400\" class=\"img-fluid\" alt=\"Oth\u00f3n P. Blanco se suma al festejo estatal del D\u00eda de la Ni\u00f1a y el Ni\u00f1o; m\u00e1s de 2 mil 500 menores celebran con alegr\u00eda y convivencia.\" src=\"http:\/\/www.opb.gob.mx\/portal\/wp-content\/uploads\/2026\/04\/IMG_0121-400x350.jpeg\"\/><\/div><!-- .post-thumb --><div class=\"top-meta clearfix\"><ul class=\"nav top-meta-list meta-left\"><li><div class=\"post-date\"><a href=\"http:\/\/www.opb.gob.mx\/portal\/?m=20260425\" ><i class=\"ti-calendar\"><\/i> 25 abril, 2026<\/a><\/div><\/li><\/ul><\/div><div class=\"entry-title\"><h6 class=\"post-title-head\"><a href=\"http:\/\/www.opb.gob.mx\/portal\/?p=30143\" class=\"post-title\">Oth\u00f3n P. Blanco se suma al festejo estatal del D\u00eda de la Ni\u00f1a y el Ni\u00f1o; m\u00e1s de 2 mil 500 menores celebran con alegr\u00eda y convivencia.<\/a><\/h6><\/div><!-- .entry-title --><\/div><!-- .blog-inner --><\/div><!-- .col \/ .owl-carousel-item \/ .isotope --><div class=\"owl-carousel-item\"><div class=\"blog-inner\"><div class=\"post-thumb\"><img loading=\"lazy\" height=\"350\" width=\"400\" class=\"img-fluid\" alt=\"Concluyen con \u00e9xito los Foros Ciudadanos de Consulta para fortalecer el desarrollo de Oth\u00f3n P. Blanco.\" src=\"http:\/\/www.opb.gob.mx\/portal\/wp-content\/uploads\/2026\/04\/IMG_0113-400x350.jpeg\"\/><\/div><!-- .post-thumb --><div class=\"top-meta clearfix\"><ul class=\"nav top-meta-list meta-left\"><li><div class=\"post-date\"><a href=\"http:\/\/www.opb.gob.mx\/portal\/?m=20260423\" ><i class=\"ti-calendar\"><\/i> 23 abril, 2026<\/a><\/div><\/li><\/ul><\/div><div class=\"entry-title\"><h6 class=\"post-title-head\"><a href=\"http:\/\/www.opb.gob.mx\/portal\/?p=30136\" class=\"post-title\">Concluyen con \u00e9xito los Foros Ciudadanos de Consulta para fortalecer el desarrollo de Oth\u00f3n P. Blanco.<\/a><\/h6><\/div><!-- .entry-title --><\/div><!-- .blog-inner --><\/div><!-- .col \/ .owl-carousel-item \/ .isotope --><div class=\"owl-carousel-item\"><div class=\"blog-inner\"><div class=\"post-thumb\"><img loading=\"lazy\" height=\"350\" width=\"400\" class=\"img-fluid\" alt=\"Inician Foros de Consulta Ciudadana para la actualizaci\u00f3n del Plan Municipal de Desarrollo.\" src=\"http:\/\/www.opb.gob.mx\/portal\/wp-content\/uploads\/2026\/04\/4-4-400x350.jpeg\"\/><\/div><!-- .post-thumb --><div class=\"top-meta clearfix\"><ul class=\"nav top-meta-list meta-left\"><li><div class=\"post-date\"><a href=\"http:\/\/www.opb.gob.mx\/portal\/?m=20260422\" ><i class=\"ti-calendar\"><\/i> 22 abril, 2026<\/a><\/div><\/li><\/ul><\/div><div class=\"entry-title\"><h6 class=\"post-title-head\"><a href=\"http:\/\/www.opb.gob.mx\/portal\/?p=30128\" class=\"post-title\">Inician Foros de Consulta Ciudadana para la actualizaci\u00f3n del Plan Municipal de Desarrollo.<\/a><\/h6><\/div><!-- .entry-title --><\/div><!-- .blog-inner --><\/div><!-- .col \/ .owl-carousel-item \/ .isotope --><div class=\"owl-carousel-item\"><div class=\"blog-inner\"><div class=\"post-thumb\"><img loading=\"lazy\" height=\"350\" width=\"400\" class=\"img-fluid\" alt=\"Cabildo Infantil propone acciones por la igualdad, el cuidado del entorno y el uso responsable de la tecnolog\u00eda.\" src=\"http:\/\/www.opb.gob.mx\/portal\/wp-content\/uploads\/2026\/04\/IMG_0110-400x350.jpeg\"\/><\/div><!-- .post-thumb --><div class=\"top-meta clearfix\"><ul class=\"nav top-meta-list meta-left\"><li><div class=\"post-date\"><a href=\"http:\/\/www.opb.gob.mx\/portal\/?m=20260421\" ><i class=\"ti-calendar\"><\/i> 21 abril, 2026<\/a><\/div><\/li><\/ul><\/div><div class=\"entry-title\"><h6 class=\"post-title-head\"><a href=\"http:\/\/www.opb.gob.mx\/portal\/?p=30121\" class=\"post-title\">Cabildo Infantil propone acciones por la igualdad, el cuidado del entorno y el uso responsable de la tecnolog\u00eda.<\/a><\/h6><\/div><!-- .entry-title --><\/div><!-- .blog-inner --><\/div><!-- .col \/ .owl-carousel-item \/ .isotope --><\/div><!-- .owl-carousel -->\t\t\t\r\n\t\t<\/div>\r\n\t\t\t\t<\/div>\n\t\t\t\t\t\t<\/div>\n\t\t\t\t\t<\/div>\n\t\t<\/div>\n\t\t\t\t\t\t\t\t<\/div>\n\t\t\t\t\t<\/div>\n\t\t<\/section>\n\t\t\t\t\t\t<\/div>\n\t\t\t\t\t<\/div>\n\t\t<\/div>\n\t\t\t\t\t\t\t\t<\/div>\n\t\t\t\t\t<\/div>\n\t\t<\/section>\n\t\t\t\t\t\t<\/div>\n\t\t\t\t\t\t<\/div>\n\t\t\t\t\t<\/div>\n\t\t","protected":false},"excerpt":{"rendered":"<p>Notices 08 Nov 2019 Summer Rock Festival Tickets on Sale! Read More Notices 08 Nov 2019 Upcoming Meetings in Our Town Read More Notices 08 Nov 2019 Traffic Safety Notice of Egovenz Read More 25 Oct 2019 Increase Affordable Housing Project 25 Oct 2019 Expansion of After School Programs 25 Oct 2019 Visit to The<\/p>\n","protected":false},"author":1,"featured_media":0,"parent":0,"menu_order":0,"comment_status":"closed","ping_status":"closed","template":"","meta":[],"_links":{"self":[{"href":"http:\/\/www.opb.gob.mx\/portal\/index.php?rest_route=\/wp\/v2\/pages\/10142"}],"collection":[{"href":"http:\/\/www.opb.gob.mx\/portal\/index.php?rest_route=\/wp\/v2\/pages"}],"about":[{"href":"http:\/\/www.opb.gob.mx\/portal\/index.php?rest_route=\/wp\/v2\/types\/page"}],"author":[{"embeddable":true,"href":"http:\/\/www.opb.gob.mx\/portal\/index.php?rest_route=\/wp\/v2\/users\/1"}],"replies":[{"embeddable":true,"href":"http:\/\/www.opb.gob.mx\/portal\/index.php?rest_route=%2Fwp%2Fv2%2Fcomments&post=10142"}],"version-history":[{"count":0,"href":"http:\/\/www.opb.gob.mx\/portal\/index.php?rest_route=\/wp\/v2\/pages\/10142\/revisions"}],"wp:attachment":[{"href":"http:\/\/www.opb.gob.mx\/portal\/index.php?rest_route=%2Fwp%2Fv2%2Fmedia&parent=10142"}],"curies":[{"name":"wp","href":"https:\/\/api.w.org\/{rel}","templated":true}]}}