{"id":16889,"date":"2020-11-26T15:29:33","date_gmt":"2020-11-26T15:29:33","guid":{"rendered":"http:\/\/www.opb.gob.mx\/portal\/?page_id=16889"},"modified":"2020-11-26T15:59:16","modified_gmt":"2020-11-26T15:59:16","slug":"cuenta-publica","status":"publish","type":"page","link":"http:\/\/www.opb.gob.mx\/portal\/?page_id=16889","title":{"rendered":"Cuenta p\u00fablica"},"content":{"rendered":"\t\t<div data-elementor-type=\"wp-page\" data-elementor-id=\"16889\" class=\"elementor elementor-16889\" data-elementor-settings=\"[]\">\n\t\t\t\t\t\t<div class=\"elementor-inner\">\n\t\t\t\t\t\t\t<div class=\"elementor-section-wrap\">\n\t\t\t\t\t\t\t<section class=\"elementor-section elementor-top-section elementor-element elementor-element-f96e075 elementor-section-boxed elementor-section-height-default elementor-section-height-default\" data-id=\"f96e075\" data-element_type=\"section\">\n\t\t\t\t\t\t<div class=\"elementor-container elementor-column-gap-default\">\n\t\t\t\t\t\t\t<div class=\"elementor-row\">\n\t\t\t\t\t<div class=\"elementor-column elementor-col-100 elementor-top-column elementor-element elementor-element-e70ed62\" data-id=\"e70ed62\" data-element_type=\"column\">\n\t\t\t<div class=\"elementor-column-wrap elementor-element-populated\">\n\t\t\t\t\t\t\t<div class=\"elementor-widget-wrap\">\n\t\t\t\t\t\t<div class=\"elementor-element elementor-element-f5e8ea3 elementor-widget elementor-widget-html\" data-id=\"f5e8ea3\" data-element_type=\"widget\" data-widget_type=\"html.default\">\n\t\t\t\t<div class=\"elementor-widget-container\">\n\t\t\t<meta charset=\"utf-8\">\r\n  <meta name=\"viewport\" content=\"width=device-width, initial-scale=1\">\r\n\r\n  <link rel=\"stylesheet\" href=\"\/\/code.jquery.com\/ui\/1.12.1\/themes\/base\/jquery-ui.css\">\r\n  <link rel=\"stylesheet\" href=\"\/resources\/demos\/style.css\">\r\n  <script src=\"https:\/\/code.jquery.com\/jquery-1.12.4.js\"><\/script>\r\n  <script src=\"https:\/\/code.jquery.com\/ui\/1.12.1\/jquery-ui.js\"><\/script>\r\n  \r\n<script>\r\njQuery(function($){\r\n    $('.et_pb_accordion .et_pb_toggle_open').addClass('et_pb_toggle_close').removeClass('et_pb_toggle_open');\r\n    $('.et_pb_accordion .et_pb_toggle').click(function() {\r\n      $this = $(this);\r\n      setTimeout(function(){\r\n         $this.closest('.et_pb_accordion').removeClass('et_pb_accordion_toggling');\r\n      },700);\r\n    });\r\n});\r\n<\/script>\r\n\r\n  <script>\r\n  $( function() {\r\n    $( \"#accordion_1\" ).accordion({\r\n      collapsible: true,\r\n      active: false\r\n    });\r\n  } );\r\n  <\/script>\r\n    <script>\r\n  $( function() {\r\n    $( \"#accordion_2\" ).accordion({\r\n      collapsible: true,\r\n      active: false\r\n    });\r\n  } );\r\n  <\/script>\r\n    <script>\r\n  $( function() {\r\n    $( \"#accordion_3\" ).accordion({\r\n      collapsible: true,\r\n      active: false\r\n    });\r\n  } );\r\n  <\/script>\r\n    <script>\r\n  $( function() {\r\n    $( \"#accordion_4\" ).accordion({\r\n      collapsible: true,\r\n      active: false\r\n    });\r\n  } );\r\n  <\/script>\r\n    <script>\r\n  $( function() {\r\n    $( \"#accordion_5\" ).accordion({\r\n      collapsible: true,\r\n      active: false\r\n    });\r\n  } );\r\n  <\/script>\r\n    <script>\r\n  $( function() {\r\n    $( \"#accordion_6\" ).accordion({\r\n      collapsible: true,\r\n      active: false\r\n    });\r\n  } );\r\n  <\/script>\r\n    <script>\r\n  $( function() {\r\n    $( \"#accordion_7\" ).accordion({\r\n      collapsible: true,\r\n      active: false\r\n    });\r\n  } );\r\n  <\/script>\r\n    <script>\r\n  $( function() {\r\n    $( \"#accordion_8\" ).accordion({\r\n      collapsible: true,\r\n      active: false\r\n    });\r\n  } );\r\n  <\/script>\r\n    <script>\r\n  $( function() {\r\n    $( \"#accordion_9\" ).accordion({\r\n      collapsible: true,\r\n      active: false\r\n    });\r\n  } );\r\n  <\/script>\r\n<\/head>\r\n<body>\r\n \r\n<div id=\"accordion_1\">\r\n  <h3>2016\r\n<\/h3>\r\n  <div>\r\n    <table class=\"table table-hover\">\r\n<thead>\r\n<tr>\r\n<th scope=\"col\">#<\/th>\r\n<th scope=\"col\">Nombre<\/th>\r\n\r\n<th scope=\"col\">Descarga<\/th>\r\n<\/tr>\r\n<\/thead>\r\n<tbody>\r\n<tr>\r\n\r\n\r\n\r\n<th scope=\"row\">1<\/th>\r\n\r\n<td><p>Cuadernillo de cuenta p\u00fablica 2016<\/p><\/td>\r\n<td><a href=\"http:\/\/www.opb.gob.mx\/portal\/wp-content\/uploads\/2020\/Contabilidad\/anios_anteriores\/1\/CUADERNILLO%20CUENTA%20PUBLICA%202016.pdf\">\r\n<img loading=\"lazy\" src=\"https:\/\/i2.wp.com\/www.opb.gob.mx\/portal\/wp-content\/uploads\/2020\/06\/icon_pdf_png.png?resize=32%2C32\" alt=\"documento\" width=\"32 px\" height=\"32\"  data-recalc-dims=\"1\">\r\n<\/a><\/td>\r\n<\/tr>\r\n\r\n\r\n<\/tbody>\r\n<\/table>\r\n\r\n\r\n  <\/div>\r\n \r\n<\/div>\r\n \r\n <div id=\"accordion_2\">\r\n  <h3>2017\r\n<\/h3>\r\n\r\n  <div>\r\n    <table class=\"table table-hover\">\r\n<thead>\r\n<tr>\r\n<th scope=\"col\">#<\/th>\r\n<th scope=\"col\">Nombre<\/th>\r\n<th scope=\"col\">Descarga<\/th>\r\n<\/tr>\r\n<\/thead>\r\n<tbody>\r\n<tr>\r\n\r\n\r\n<th scope=\"row\">1<\/th>\r\n<td>Cuadernillo de cuenta p\u00fablica 2017  <\/td>\r\n<td><p><a href=\"http:\/\/www.opb.gob.mx\/portal\/wp-content\/uploads\/2020\/Contabilidad\/anios_anteriores\/2\/Cuadernillo%20Cuenta%20Publica%202017.pdf\">\r\n<img loading=\"lazy\" src=\"https:\/\/i2.wp.com\/www.opb.gob.mx\/portal\/wp-content\/uploads\/2020\/06\/icon_pdf_png.png?resize=32%2C32\" alt=\"documento\" width=\"32 px\" height=\"32\"  data-recalc-dims=\"1\">\r\n<\/a><\/p><\/td>\r\n<\/tr>\r\n\r\n\r\n<\/tbody>\r\n<\/table>\r\n\r\n  <\/div>\r\n  \r\n<\/div>\r\n<div id=\"accordion_3\">\r\n  <h3>2018\r\n<\/h3>\r\n\r\n  <div>\r\n    <table class=\"table table-hover\">\r\n<thead>\r\n<tr>\r\n<th scope=\"col\">#<\/th>\r\n<th scope=\"col\">Nombre<\/th>\r\n<th scope=\"col\">Descarga<\/th>\r\n<\/tr>\r\n<\/thead>\r\n<tbody>\r\n<tr>\r\n\r\n\r\n<th scope=\"row\">1<\/th>\r\n<td>Estado anal\u00edtico de ingresos enero-diciembre <\/td>\r\n<td><p><a href=\"http:\/\/www.opb.gob.mx\/portal\/wp-content\/uploads\/2020\/Contabilidad\/anios_anteriores\/3\/Estado%20Anal%C3%ADtico%20de%20Ingresos%20Enero-Diciembre.pdf\">\r\n<img loading=\"lazy\" src=\"https:\/\/i2.wp.com\/www.opb.gob.mx\/portal\/wp-content\/uploads\/2020\/06\/icon_pdf_png.png?resize=32%2C32\" alt=\"documento\" width=\"32 px\" height=\"32\"  data-recalc-dims=\"1\">\r\n<\/a><\/p><\/td>\r\n<\/tr>\r\n<tr>\r\n<th scope=\"row\">2<\/th>\r\n<td>Estado anal\u00edtico de la deuda y otros pasivos enero-diciembre <\/td>\r\n<td><p><a href=\"http:\/\/www.opb.gob.mx\/portal\/wp-content\/uploads\/2020\/Contabilidad\/anios_anteriores\/3\/Estado%20Anal%C3%ADtico%20de%20la%20Deuda%20y%20Otros%20Pasivos%20Enero-Diciembre.pdf\">\r\n<img loading=\"lazy\" src=\"https:\/\/i2.wp.com\/www.opb.gob.mx\/portal\/wp-content\/uploads\/2020\/06\/icon_pdf_png.png?resize=32%2C32\" alt=\"documento\" width=\"32 px\" height=\"32\"  data-recalc-dims=\"1\">\r\n<\/a><\/p><\/td>\r\n<\/tr>\r\n<tr>\r\n<th scope=\"row\">3<\/th>\r\n<td>Estado anal\u00edtico del activo enero-diciembre  <\/td>\r\n<td><p><a href=\"http:\/\/www.opb.gob.mx\/portal\/wp-content\/uploads\/2020\/Contabilidad\/anios_anteriores\/3\/Estado%20Anal%C3%ADtico%20del%20Activo%20Enero-Diciembre.pdf\">\r\n<img loading=\"lazy\" src=\"https:\/\/i2.wp.com\/www.opb.gob.mx\/portal\/wp-content\/uploads\/2020\/06\/icon_pdf_png.png?resize=32%2C32\" alt=\"documento\" width=\"32 px\" height=\"32\"  data-recalc-dims=\"1\">\r\n<\/a><\/p><\/td>\r\n<tr>\r\n<th scope=\"row\">4<\/th>\r\n<td>Estado anal\u00edtico del ejercicio del presupuesto de egresos clasificaci\u00f3n administrativa enero-diciembre<\/td>\r\n<td><p><a href=\"http:\/\/www.opb.gob.mx\/portal\/wp-content\/uploads\/2020\/Contabilidad\/anios_anteriores\/3\/Estado%20Anal%C3%ADtico%20del%20Ejercicio%20del%20Presupuesto%20de%20Egresos%20Clasificaci%C3%B3n%20Administrativa%20Enero-Diciembre.pdf\">\r\n<img loading=\"lazy\" src=\"https:\/\/i2.wp.com\/www.opb.gob.mx\/portal\/wp-content\/uploads\/2020\/06\/icon_pdf_png.png?resize=32%2C32\" alt=\"documento\" width=\"32 px\" height=\"32\"  data-recalc-dims=\"1\">\r\n<\/a><\/p><\/td>\r\n<\/tr>\r\n\r\n<tr>\r\n<th scope=\"row\">5<\/th>\r\n<td>Estado anal\u00edtico del ejercicio del presupuesto de egresos clasificaci\u00f3n econ\u00f3mica enero-diciembre<\/td>\r\n<td><p><a href=\"http:\/\/www.opb.gob.mx\/portal\/wp-content\/uploads\/2020\/Contabilidad\/anios_anteriores\/3\/Estado%20Anal%C3%ADtico%20del%20Ejercicio%20del%20Presupuesto%20de%20Egresos%20Clasificaci%C3%B3n%20Econ%C3%B3mica%20Enero-Diciembre.pdf\">\r\n<img loading=\"lazy\" src=\"https:\/\/i2.wp.com\/www.opb.gob.mx\/portal\/wp-content\/uploads\/2020\/06\/icon_pdf_png.png?resize=32%2C32\" alt=\"documento\" width=\"32 px\" height=\"32\"  data-recalc-dims=\"1\">\r\n<\/a><\/p><\/td>\r\n<\/tr>\r\n\r\n<tr>\r\n<th scope=\"row\">6<\/th>\r\n<td>Estado de actividades enero-diciembre<\/td>\r\n<td><p><a href=\"http:\/\/www.opb.gob.mx\/portal\/wp-content\/uploads\/2020\/Contabilidad\/anios_anteriores\/3\/Estado%20de%20Actividades%20Enero-Diciembre%20Enero-Diciembre.pdf\">\r\n<img loading=\"lazy\" src=\"https:\/\/i2.wp.com\/www.opb.gob.mx\/portal\/wp-content\/uploads\/2020\/06\/icon_pdf_png.png?resize=32%2C32\" alt=\"documento\" width=\"32 px\" height=\"32\"  data-recalc-dims=\"1\">\r\n<\/a><\/p><\/td>\r\n<\/tr>\r\n<tr>\r\n<th scope=\"row\">7<\/th>\r\n<td>Estado de cambios en la situaci\u00f3n financiera enero-diciembre<\/td>\r\n<td><p><a href=\"http:\/\/www.opb.gob.mx\/portal\/wp-content\/uploads\/2020\/Contabilidad\/anios_anteriores\/3\/Estado%20de%20Cambios%20en%20la%20Situaci%C3%B3n%20Financiera%20Enero-Diciembre.pdf\">\r\n<img loading=\"lazy\" src=\"https:\/\/i2.wp.com\/www.opb.gob.mx\/portal\/wp-content\/uploads\/2020\/06\/icon_pdf_png.png?resize=32%2C32\" alt=\"documento\" width=\"32 px\" height=\"32\"  data-recalc-dims=\"1\">\r\n<\/a><\/p><\/td>\r\n<\/tr>\r\n\r\n<tr>\r\n<th scope=\"row\">8<\/th>\r\n<td>Estado de de flujos de efectivo enero-diciembre<\/td>\r\n<td><p><a href=\"http:\/\/www.opb.gob.mx\/portal\/wp-content\/uploads\/2020\/Contabilidad\/anios_anteriores\/3\/Estado%20de%20Flujos%20de%20Efectivo%20Enero-Diciembre.pdf\">\r\n<img loading=\"lazy\" src=\"https:\/\/i2.wp.com\/www.opb.gob.mx\/portal\/wp-content\/uploads\/2020\/06\/icon_pdf_png.png?resize=32%2C32\" alt=\"documento\" width=\"32 px\" height=\"32\"  data-recalc-dims=\"1\">\r\n<\/a><\/p><\/td>\r\n<\/tr>\r\n\r\n<tr>\r\n<th scope=\"row\">9<\/th>\r\n<td>Estado de situaci\u00f3n financiera enero-diciembre<\/td>\r\n<td><p><a href=\"http:\/\/www.opb.gob.mx\/portal\/wp-content\/uploads\/2020\/Contabilidad\/anios_anteriores\/3\/Estado%20de%20Situaci%C3%B3n%20Financiera%20Enero-Diciembre.pdf\">\r\n<img loading=\"lazy\" src=\"https:\/\/i2.wp.com\/www.opb.gob.mx\/portal\/wp-content\/uploads\/2020\/06\/icon_pdf_png.png?resize=32%2C32\" alt=\"documento\" width=\"32 px\" height=\"32\"  data-recalc-dims=\"1\">\r\n<\/a><\/p><\/td>\r\n<\/tr>\r\n<tr>\r\n<th scope=\"row\">10<\/th>\r\n<td>Estado de variaci\u00f3n en la hacienda p\u00fablica enero-diciembre<\/td>\r\n<td><p><a href=\"http:\/\/www.opb.gob.mx\/portal\/wp-content\/uploads\/2020\/Contabilidad\/anios_anteriores\/3\/Estado%20de%20Variaci%C3%B3n%20en%20la%20Hacienda%20P%C3%BAblica%20Enero-Diciembre.pdf\">\r\n<img loading=\"lazy\" src=\"https:\/\/i2.wp.com\/www.opb.gob.mx\/portal\/wp-content\/uploads\/2020\/06\/icon_pdf_png.png?resize=32%2C32\" alt=\"documento\" width=\"32 px\" height=\"32\"  data-recalc-dims=\"1\">\r\n<\/a><\/p><\/td>\r\n<\/tr>\r\n<tr>\r\n<th scope=\"row\">11<\/th>\r\n<td>Estado anal\u00edtico del ejercicio del presupuesto clasificaci\u00f3n por objeto del gasto enero-diciembre<\/td>\r\n<td><p><a href=\"http:\/\/www.opb.gob.mx\/portal\/wp-content\/uploads\/2020\/Contabilidad\/anios_anteriores\/3\/Estado%20Anal%C3%ADtico%20del%20Ejercicio%20del%20Presupuesto%20Clasificaci%C3%B3n%20por%20Objeto%20del%20Gasto%20Enero-Diciembre.pdf\">\r\n<img loading=\"lazy\" src=\"https:\/\/i2.wp.com\/www.opb.gob.mx\/portal\/wp-content\/uploads\/2020\/06\/icon_pdf_png.png?resize=32%2C32\" alt=\"documento\" width=\"32 px\" height=\"32\"  data-recalc-dims=\"1\">\r\n<\/a><\/p><\/td>\r\n<\/tr>\r\n<\/tbody>\r\n<\/table>\r\n\r\n\r\n  <\/div>\r\n  \r\n<\/div>\r\n\r\n\r\n  <\/div>\r\n  \r\n<\/div>\r\n\r\n<\/tbody>\r\n<\/table>\t\t<\/div>\n\t\t\t\t<\/div>\n\t\t\t\t\t\t<\/div>\n\t\t\t\t\t<\/div>\n\t\t<\/div>\n\t\t\t\t\t\t\t\t<\/div>\n\t\t\t\t\t<\/div>\n\t\t<\/section>\n\t\t\t\t\t\t<\/div>\n\t\t\t\t\t\t<\/div>\n\t\t\t\t\t<\/div>\n\t\t","protected":false},"excerpt":{"rendered":"<p>2016 # Nombre Descarga 1 Cuadernillo de cuenta p\u00fablica 2016 2017 # Nombre Descarga 1 Cuadernillo de cuenta p\u00fablica 2017 2018 # Nombre Descarga 1 Estado anal\u00edtico de ingresos enero-diciembre 2 Estado anal\u00edtico de la deuda y otros pasivos enero-diciembre 3 Estado anal\u00edtico del activo enero-diciembre 4 Estado anal\u00edtico del ejercicio del presupuesto de egresos<\/p>\n","protected":false},"author":1,"featured_media":0,"parent":0,"menu_order":0,"comment_status":"closed","ping_status":"closed","template":"","meta":[],"_links":{"self":[{"href":"http:\/\/www.opb.gob.mx\/portal\/index.php?rest_route=\/wp\/v2\/pages\/16889"}],"collection":[{"href":"http:\/\/www.opb.gob.mx\/portal\/index.php?rest_route=\/wp\/v2\/pages"}],"about":[{"href":"http:\/\/www.opb.gob.mx\/portal\/index.php?rest_route=\/wp\/v2\/types\/page"}],"author":[{"embeddable":true,"href":"http:\/\/www.opb.gob.mx\/portal\/index.php?rest_route=\/wp\/v2\/users\/1"}],"replies":[{"embeddable":true,"href":"http:\/\/www.opb.gob.mx\/portal\/index.php?rest_route=%2Fwp%2Fv2%2Fcomments&post=16889"}],"version-history":[{"count":4,"href":"http:\/\/www.opb.gob.mx\/portal\/index.php?rest_route=\/wp\/v2\/pages\/16889\/revisions"}],"predecessor-version":[{"id":16896,"href":"http:\/\/www.opb.gob.mx\/portal\/index.php?rest_route=\/wp\/v2\/pages\/16889\/revisions\/16896"}],"wp:attachment":[{"href":"http:\/\/www.opb.gob.mx\/portal\/index.php?rest_route=%2Fwp%2Fv2%2Fmedia&parent=16889"}],"curies":[{"name":"wp","href":"https:\/\/api.w.org\/{rel}","templated":true}]}}